{"id":302,"date":"2020-03-23T15:49:47","date_gmt":"2020-03-23T15:49:47","guid":{"rendered":"https:\/\/agro-dienstleistungen.ch\/cms\/landwirtschaft\/?page_id=302"},"modified":"2021-03-18T13:02:18","modified_gmt":"2021-03-18T13:02:18","slug":"tierhaltung","status":"publish","type":"page","link":"https:\/\/farmer.ch\/landwirtschaft\/der-betrieb\/tierhaltung\/","title":{"rendered":"Tierhaltung"},"content":{"rendered":"<p>[et_pb_section fb_built=&#8220;1&#8243; fullwidth=&#8220;on&#8220; _builder_version=&#8220;4.3.4&#8243;][et_pb_fullwidth_slider show_arrows=&#8220;off&#8220; show_pagination=&#8220;off&#8220; _builder_version=&#8220;4.3.4&#8243; background_enable_image=&#8220;off&#8220; background_position=&#8220;top_left&#8220; custom_padding=&#8220;||||false|false&#8220; hover_enabled=&#8220;0&#8243;][et_pb_slide heading=&#8220;Tiere auf unserem Hof&#8220; use_bg_overlay=&#8220;off&#8220; use_text_overlay=&#8220;off&#8220; _builder_version=&#8220;4.3.4&#8243; header_font=&#8220;|700|||||||&#8220; header_text_align=&#8220;center&#8220; header_font_size=&#8220;54px&#8220; body_font=&#8220;|700||on|||||&#8220; body_text_align=&#8220;center&#8220; body_text_color=&#8220;#ffffff&#8220; body_font_size=&#8220;35px&#8220; background_color=&#8220;rgba(0,0,0,0)&#8220; background_enable_color=&#8220;on&#8220; background_image=&#8220;https:\/\/farmer.ch\/landwirtschaft\/wp-content\/uploads\/sites\/7\/2020\/06\/Landwirtschaft-Tierhaltung-intro.jpeg&#8220; background_enable_image=&#8220;on&#8220; custom_padding=&#8220;||||false|false&#8220; hover_enabled=&#8220;0&#8243; body_text_shadow_style=&#8220;preset1&#8243; border_width_all_image=&#8220;2px&#8220; border_color_all_image=&#8220;#ffffff&#8220; box_shadow_style_image=&#8220;preset1&#8243; text_shadow_style=&#8220;preset1&#8243;]<span style=\"color: #ffffff;\"><a style=\"color: #ffffff;\" href=\"\/landwirtschaft\/der-betrieb\/\/\">Betrieb<\/a> \u00a0\u00a0\u00a0\u00a0\u00a0<a style=\"color: #ffffff;\" href=\"\/landwirtschaft\/der-betrieb\/tierhaltung\/\">Tierhaltung<\/a>\u00a0\u00a0\u00a0\u00a0\u00a0 <a style=\"color: #ffffff;\" href=\"\/landwirtschaft\/der-betrieb\/ackerbau\/\">Ackerbau<\/a> \u00a0\u00a0\u00a0\u00a0\u00a0<a style=\"color: #ffffff;\" href=\"\/landwirtschaft\/der-betrieb\/termine\/\"> Tag der offenen T\u00fcr<\/a><\/span>[\/et_pb_slide][\/et_pb_fullwidth_slider][\/et_pb_section][et_pb_section fb_built=&#8220;1&#8243; _builder_version=&#8220;4.3.4&#8243; background_color=&#8220;rgba(0,0,0,0)&#8220; background_enable_image=&#8220;off&#8220; background_size=&#8220;initial&#8220; background_position=&#8220;bottom_right&#8220; custom_margin=&#8220;||||false|false&#8220;][et_pb_row column_structure=&#8220;1_2,1_2&#8243; _builder_version=&#8220;4.3.4&#8243;][et_pb_column type=&#8220;1_2&#8243; _builder_version=&#8220;4.3.4&#8243;][et_pb_image src=&#8220;https:\/\/farmer.ch\/landwirtschaft\/wp-content\/uploads\/sites\/7\/2020\/06\/Landwirtschaft-Tierhaltung-Kuehe-1.jpeg&#8220; _builder_version=&#8220;4.3.4&#8243;][\/et_pb_image][et_pb_image src=&#8220;https:\/\/farmer.ch\/landwirtschaft\/wp-content\/uploads\/sites\/7\/2020\/06\/Landwirtschaft-Tierhaltung-Rinder.jpeg&#8220; _builder_version=&#8220;4.3.4&#8243;][\/et_pb_image][et_pb_image src=&#8220;https:\/\/farmer.ch\/landwirtschaft\/wp-content\/uploads\/sites\/7\/2020\/06\/Landwirtschaft-Tierhaltung-Stall.jpeg&#8220; _builder_version=&#8220;4.3.4&#8243;][\/et_pb_image][et_pb_button button_url=&#8220;https:\/\/farmer.ch\/der-betrieb\/tierhaltung\/labels\/&#8220; button_text=&#8220;Konsumenteninfos \/ Labels&#8220; _builder_version=&#8220;4.3.4&#8243; custom_button=&#8220;on&#8220; button_font=&#8220;|700||on|||||&#8220;][\/et_pb_button][\/et_pb_column][et_pb_column type=&#8220;1_2&#8243; _builder_version=&#8220;4.3.4&#8243;][et_pb_text _builder_version=&#8220;4.3.4&#8243;]<\/p>\n<h1>Muni- und Rindermast<\/h1>\n<p>Das m\u00e4sten von Fleischrindern ist der Hauptbetriebszweig auf unserem Hof. Der Tierbestand liegt bei rund 200 Muni (m\u00e4nnliche Tiere) und rund 120 Rindern (weibliche Tiere) Wir kaufen K\u00e4lber im Alter von 3-4 Wochen von Kuhbetrieben (Milchproduktion).<br \/>Die K\u00e4lber erhalten in der 1. Phase von rund 7 Wochen Milch an einem Tr\u00e4nkeautomaten. Schon in dieser Zeit werden die Tiere an das Fressen von Grundfutter gew\u00f6hnt. Den Tieren wird eine Mischration aus verschiedenen Komponenten vorgelegt. Die Hauptbestandteile sind Grassilage, Heu, Maissilage, R\u00fcbenschnitzel und Kraftfutter sowie Mineralstoffe. Wichtig dabei sind Grundfutterkomponenten von hoher Qualit\u00e4t um den Kraftfutteranteil m\u00f6glichst tief halten zu k\u00f6nnen. Nach etwas mehr als einem Jahr erreichen die Tiere die Schlachtreife mit einem Gewicht von rund 540kg.<\/p>\n<p>Haltungsform und Tierwohl sind f\u00fcr uns schon immer sehr wichtige Faktoren. Aus diesem Grund werden alle Tiere ab dem K\u00e4lberalter in \u201e3-fl\u00e4chen St\u00e4llen\u201c gehalten. Diese sind unterteilt in drei Bereiche mit freiem Zugang: Fressplatz, Liegebereich (Tiefstreu) und Auslauf im Freien. Mit diesem Aufstallungssystem produzieren wir Tiere f\u00fcr das Terra Suisse Label f\u00fcr die Migros unter der Kontrolle der IP Suisse.<\/p>\n<p>[\/et_pb_text][et_pb_image src=&#8220;https:\/\/farmer.ch\/landwirtschaft\/wp-content\/uploads\/sites\/7\/2020\/06\/Landwirtschaft-Betrieb-IP-Suisse.png&#8220; _builder_version=&#8220;4.3.4&#8243;][\/et_pb_image][et_pb_text _builder_version=&#8220;4.3.4&#8243;]<\/p>\n<p><strong>IP Suisse<\/strong><br \/>IP bedeutet Integrierte Produktion. Mit diesem Programm werden sehr erfolgreich moderne Produktionsformen mit einem hohen Mass an Oekologie verbunden und das du moderaten Mehrkosten f\u00fcr den Konsumenten. Um die IP Anforderungen zu erf\u00fcllen m\u00fcssen gesamtbetrieblich eine gewisse Menge an Oekomassnahmen umgesetzt sein.<\/p>\n<p>[\/et_pb_text][\/et_pb_column][\/et_pb_row][et_pb_row column_structure=&#8220;1_2,1_2&#8243; _builder_version=&#8220;4.3.4&#8243;][et_pb_column type=&#8220;1_2&#8243; _builder_version=&#8220;4.3.4&#8243;][\/et_pb_column][et_pb_column type=&#8220;1_2&#8243; _builder_version=&#8220;4.3.4&#8243;][\/et_pb_column][\/et_pb_row][et_pb_row column_structure=&#8220;1_2,1_2&#8243; _builder_version=&#8220;4.3.4&#8243;][et_pb_column type=&#8220;1_2&#8243; _builder_version=&#8220;4.3.4&#8243;][et_pb_image src=&#8220;https:\/\/farmer.ch\/landwirtschaft\/wp-content\/uploads\/sites\/7\/2020\/03\/pferd.jpg&#8220; align=&#8220;right&#8220; _builder_version=&#8220;4.3.4&#8243;][\/et_pb_image][\/et_pb_column][et_pb_column type=&#8220;1_2&#8243; _builder_version=&#8220;4.3.4&#8243;][et_pb_divider _builder_version=&#8220;4.3.4&#8243;][\/et_pb_divider][et_pb_text _builder_version=&#8220;4.3.4&#8243;]<\/p>\n<h1>Pferde<\/h1>\n<p>Links, das ist Philipp und rechts ist Roxane. Das sind unsere beiden &#8222;Freiberger&#8220; Pferde. Wir brauchen sie haupts\u00e4chlich, um den Gesellschaftswagen zu ziehen. Am liebsten lassen sich die beiden aber auf einer saftigen Weide die Sonne auf den Pelz brennen.<\/p>\n<p>[\/et_pb_text][\/et_pb_column][\/et_pb_row][et_pb_row column_structure=&#8220;1_2,1_2&#8243; _builder_version=&#8220;4.3.4&#8243;][et_pb_column type=&#8220;1_2&#8243; _builder_version=&#8220;4.3.4&#8243;][et_pb_divider _builder_version=&#8220;4.3.4&#8243;][\/et_pb_divider][et_pb_text _builder_version=&#8220;4.3.4&#8243;]<\/p>\n<h1>Katzen<\/h1>\n<p>Wie auf jedem Bauernhof gibt es auch bei uns Katzen, derzeit 10 an der Zahl.<br \/>Fr\u00fcher hatte man in der Landwirtschaft Katzen, damit auf den Wiesen und im Haus die M\u00e4use gefangen wurden.<br \/>Heute bekommen sie das Futter aus der Packung und sind so faul wie ihre Artgenossen in den Wohnungen. Am liebsten liegen sie auf dem Ofen, schnurren vor sich hin und warten, bis es Futter gibt.<\/p>\n<p>[\/et_pb_text][\/et_pb_column][et_pb_column type=&#8220;1_2&#8243; _builder_version=&#8220;4.3.4&#8243;][et_pb_image src=&#8220;https:\/\/farmer.ch\/landwirtschaft\/wp-content\/uploads\/sites\/7\/2020\/06\/Landwirtschaft-Tierhaltung-Katze.jpeg&#8220; _builder_version=&#8220;4.3.4&#8243;][\/et_pb_image][\/et_pb_column][\/et_pb_row][et_pb_row column_structure=&#8220;1_2,1_2&#8243; _builder_version=&#8220;4.3.4&#8243;][et_pb_column type=&#8220;1_2&#8243; _builder_version=&#8220;4.3.4&#8243;][et_pb_image src=&#8220;https:\/\/farmer.ch\/landwirtschaft\/wp-content\/uploads\/sites\/7\/2020\/06\/Landwirtschaft-Tierhaltung-Hund.jpeg&#8220; align=&#8220;right&#8220; _builder_version=&#8220;4.3.4&#8243;][\/et_pb_image][\/et_pb_column][et_pb_column type=&#8220;1_2&#8243; _builder_version=&#8220;4.3.4&#8243;][et_pb_divider _builder_version=&#8220;4.3.4&#8243;][\/et_pb_divider][et_pb_text _builder_version=&#8220;4.3.4&#8243;]<\/p>\n<h1>Hofhund S\u00e4mi<\/h1>\n<p>Das ist unser Hund S\u00e4mi, die beste Alarmanlage, die man sich vorstellen kann. Ausser er ist wieder mal bei der Nachbarh\u00fcndin zu Besuch, wo er stets f\u00fcr Nachwuchs besorgt ist.<br \/>Wenn Sie vorbeikommen: Wurst nicht vergessen, sonst gibt`s kein Durchkommen! Aber keine Angst, beissen tut er nicht. Am liebsten spielt er mit kleinen Kindern.<\/p>\n<p>[\/et_pb_text][\/et_pb_column][\/et_pb_row][et_pb_row column_structure=&#8220;1_2,1_2&#8243; _builder_version=&#8220;4.3.4&#8243;][et_pb_column type=&#8220;1_2&#8243; _builder_version=&#8220;4.3.4&#8243;][et_pb_divider _builder_version=&#8220;4.3.4&#8243;][\/et_pb_divider][et_pb_text _builder_version=&#8220;4.3.4&#8243;]<\/p>\n<p>Manchmal hausen auch Tiere bei uns, die man eigentlich nicht als Haustiere bezeichnen kann.<br \/>Auf unserem Hof sind zwei grosse Vogelk\u00e4sten angebracht. Hier nisten sich regelm\u00e4ssig Waldk\u00e4uze, Schleiereulen (Foto links) oder Falken ein (Foto unten)<br \/>Diese Schleiereule ist soeben das 1. Mal dem Nest entflogen und macht eifrig Flug\u00fcbungen.<\/p>\n<p>[\/et_pb_text][\/et_pb_column][et_pb_column type=&#8220;1_2&#8243; _builder_version=&#8220;4.3.4&#8243;][et_pb_image src=&#8220;https:\/\/farmer.ch\/landwirtschaft\/wp-content\/uploads\/sites\/7\/2020\/03\/schleiereule.jpg&#8220; _builder_version=&#8220;4.3.4&#8243;][\/et_pb_image][et_pb_image src=&#8220;https:\/\/farmer.ch\/landwirtschaft\/wp-content\/uploads\/sites\/7\/2020\/03\/falken.jpg&#8220; _builder_version=&#8220;4.3.4&#8243;][\/et_pb_image][\/et_pb_column][\/et_pb_row][\/et_pb_section]<\/p>\n","protected":false},"excerpt":{"rendered":"<p>[et_pb_section fb_built=&#8220;1&#8243; fullwidth=&#8220;on&#8220; _builder_version=&#8220;4.3.4&#8243;][et_pb_fullwidth_slider show_arrows=&#8220;off&#8220; show_pagination=&#8220;off&#8220; _builder_version=&#8220;4.3.4&#8243; background_enable_image=&#8220;off&#8220; background_position=&#8220;top_left&#8220; custom_padding=&#8220;||||false|false&#8220; hover_enabled=&#8220;0&#8243;][et_pb_slide heading=&#8220;Tiere auf unserem Hof&#8220; use_bg_overlay=&#8220;off&#8220; use_text_overlay=&#8220;off&#8220; _builder_version=&#8220;4.3.4&#8243; header_font=&#8220;|700|||||||&#8220; header_text_align=&#8220;center&#8220; header_font_size=&#8220;54px&#8220; body_font=&#8220;|700||on|||||&#8220; body_text_align=&#8220;center&#8220; body_text_color=&#8220;#ffffff&#8220; body_font_size=&#8220;35px&#8220; background_color=&#8220;rgba(0,0,0,0)&#8220; background_enable_color=&#8220;on&#8220; background_image=&#8220;https:\/\/farmer.ch\/landwirtschaft\/wp-content\/uploads\/sites\/7\/2020\/06\/Landwirtschaft-Tierhaltung-intro.jpeg&#8220; background_enable_image=&#8220;on&#8220; custom_padding=&#8220;||||false|false&#8220; hover_enabled=&#8220;0&#8243; body_text_shadow_style=&#8220;preset1&#8243; border_width_all_image=&#8220;2px&#8220; border_color_all_image=&#8220;#ffffff&#8220; box_shadow_style_image=&#8220;preset1&#8243; text_shadow_style=&#8220;preset1&#8243;]Betrieb \u00a0\u00a0\u00a0\u00a0\u00a0Tierhaltung\u00a0\u00a0\u00a0\u00a0\u00a0 Ackerbau \u00a0\u00a0\u00a0\u00a0\u00a0 Tag der offenen T\u00fcr[\/et_pb_slide][\/et_pb_fullwidth_slider][\/et_pb_section][et_pb_section fb_built=&#8220;1&#8243; _builder_version=&#8220;4.3.4&#8243; background_color=&#8220;rgba(0,0,0,0)&#8220; background_enable_image=&#8220;off&#8220; background_size=&#8220;initial&#8220; background_position=&#8220;bottom_right&#8220; custom_margin=&#8220;||||false|false&#8220;][et_pb_row column_structure=&#8220;1_2,1_2&#8243; _builder_version=&#8220;4.3.4&#8243;][et_pb_column type=&#8220;1_2&#8243; _builder_version=&#8220;4.3.4&#8243;][et_pb_image src=&#8220;https:\/\/farmer.ch\/landwirtschaft\/wp-content\/uploads\/sites\/7\/2020\/06\/Landwirtschaft-Tierhaltung-Kuehe-1.jpeg&#8220; [&hellip;]<\/p>\n","protected":false},"author":1,"featured_media":0,"parent":264,"menu_order":0,"comment_status":"closed","ping_status":"closed","template":"","meta":{"_et_pb_use_builder":"on","_et_pb_old_content":"","_et_gb_content_width":"","footnotes":""},"_links":{"self":[{"href":"https:\/\/farmer.ch\/landwirtschaft\/wp-json\/wp\/v2\/pages\/302"}],"collection":[{"href":"https:\/\/farmer.ch\/landwirtschaft\/wp-json\/wp\/v2\/pages"}],"about":[{"href":"https:\/\/farmer.ch\/landwirtschaft\/wp-json\/wp\/v2\/types\/page"}],"author":[{"embeddable":true,"href":"https:\/\/farmer.ch\/landwirtschaft\/wp-json\/wp\/v2\/users\/1"}],"replies":[{"embeddable":true,"href":"https:\/\/farmer.ch\/landwirtschaft\/wp-json\/wp\/v2\/comments?post=302"}],"version-history":[{"count":20,"href":"https:\/\/farmer.ch\/landwirtschaft\/wp-json\/wp\/v2\/pages\/302\/revisions"}],"predecessor-version":[{"id":992,"href":"https:\/\/farmer.ch\/landwirtschaft\/wp-json\/wp\/v2\/pages\/302\/revisions\/992"}],"up":[{"embeddable":true,"href":"https:\/\/farmer.ch\/landwirtschaft\/wp-json\/wp\/v2\/pages\/264"}],"wp:attachment":[{"href":"https:\/\/farmer.ch\/landwirtschaft\/wp-json\/wp\/v2\/media?parent=302"}],"curies":[{"name":"wp","href":"https:\/\/api.w.org\/{rel}","templated":true}]}}